{"id":3358,"date":"2021-05-06T21:54:11","date_gmt":"2021-05-06T21:54:11","guid":{"rendered":"http:\/\/www.kdriu.hu\/?page_id=3358"},"modified":"2021-05-07T22:26:28","modified_gmt":"2021-05-07T22:26:28","slug":"kozep-dunantuli-regionalis-kepzesi-klaszter","status":"publish","type":"page","link":"https:\/\/www.kdriu.hu\/en\/kozep-dunantuli-regionalis-kepzesi-klaszter\/","title":{"rendered":"Central Transdanubia Regional Training Cluster"},"content":{"rendered":"<div data-elementor-type=\"wp-page\" data-elementor-id=\"3358\" class=\"elementor elementor-3358\" data-elementor-post-type=\"page\">\n\t\t\t\t\t\t<section class=\"elementor-section elementor-top-section elementor-element elementor-element-aabfb0c elementor-section-stretched elementor-section-height-min-height elementor-section-boxed elementor-section-height-default elementor-section-items-middle elementor-invisible\" data-id=\"aabfb0c\" data-element_type=\"section\" data-e-type=\"section\" data-settings=\"{&quot;background_background&quot;:&quot;classic&quot;,&quot;stretch_section&quot;:&quot;section-stretched&quot;,&quot;animation&quot;:&quot;fadeIn&quot;}\">\n\t\t\t\t\t\t\t<div class=\"elementor-background-overlay\"><\/div>\n\t\t\t\t\t\t\t<div class=\"elementor-container elementor-column-gap-no\">\n\t\t\t\t\t<div class=\"elementor-column elementor-col-100 elementor-top-column elementor-element elementor-element-b5aabd8\" data-id=\"b5aabd8\" data-element_type=\"column\" data-e-type=\"column\">\n\t\t\t<div class=\"elementor-widget-wrap elementor-element-populated\">\n\t\t\t\t\t\t<div class=\"elementor-element elementor-element-99e1290 elementor-widget elementor-widget-spacer\" data-id=\"99e1290\" data-element_type=\"widget\" data-e-type=\"widget\" data-widget_type=\"spacer.default\">\n\t\t\t\t<div class=\"elementor-widget-container\">\n\t\t\t\t\t\t\t<div class=\"elementor-spacer\">\n\t\t\t<div class=\"elementor-spacer-inner\"><\/div>\n\t\t<\/div>\n\t\t\t\t\t\t<\/div>\n\t\t\t\t<\/div>\n\t\t\t\t<div class=\"elementor-element elementor-element-3574283 elementor-widget elementor-widget-heading\" data-id=\"3574283\" data-element_type=\"widget\" data-e-type=\"widget\" data-widget_type=\"heading.default\">\n\t\t\t\t<div class=\"elementor-widget-container\">\n\t\t\t\t\t<h2 class=\"elementor-heading-title elementor-size-default\">Central Transdanubia Regional Training Cluster<\/h2>\t\t\t\t<\/div>\n\t\t\t\t<\/div>\n\t\t\t\t\t<\/div>\n\t\t<\/div>\n\t\t\t\t\t<\/div>\n\t\t<\/section>\n\t\t\t\t<section class=\"elementor-section elementor-top-section elementor-element elementor-element-b75c686 elementor-section-stretched elementor-section-boxed elementor-section-height-default elementor-section-height-default\" data-id=\"b75c686\" data-element_type=\"section\" data-e-type=\"section\" data-settings=\"{&quot;stretch_section&quot;:&quot;section-stretched&quot;,&quot;background_background&quot;:&quot;classic&quot;}\">\n\t\t\t\t\t\t<div class=\"elementor-container elementor-column-gap-no\">\n\t\t\t\t\t<div class=\"elementor-column elementor-col-100 elementor-top-column elementor-element elementor-element-1254787\" data-id=\"1254787\" data-element_type=\"column\" data-e-type=\"column\">\n\t\t\t<div class=\"elementor-widget-wrap elementor-element-populated\">\n\t\t\t\t\t\t<section class=\"elementor-section elementor-inner-section elementor-element elementor-element-51d5a3e elementor-section-boxed elementor-section-height-default elementor-section-height-default\" data-id=\"51d5a3e\" data-element_type=\"section\" data-e-type=\"section\">\n\t\t\t\t\t\t<div class=\"elementor-container elementor-column-gap-default\">\n\t\t\t\t\t<div class=\"elementor-column elementor-col-100 elementor-inner-column elementor-element elementor-element-e9b4395\" data-id=\"e9b4395\" data-element_type=\"column\" data-e-type=\"column\" data-settings=\"{&quot;background_background&quot;:&quot;classic&quot;}\">\n\t\t\t<div class=\"elementor-widget-wrap elementor-element-populated\">\n\t\t\t\t\t\t<div class=\"elementor-element elementor-element-43c17a0 elementor-widget elementor-widget-text-editor\" data-id=\"43c17a0\" data-element_type=\"widget\" data-e-type=\"widget\" data-widget_type=\"text-editor.default\">\n\t\t\t\t<div class=\"elementor-widget-container\">\n\t\t\t\t\t\t\t\t\t<p>A \u201epiack\u00e9pes du\u00e1lis k\u00e9pz\u00e9s fejleszt\u00e9se az orsz\u00e1g k\u00f6zep\u00e9n\u201d c\u00edm\u0171, T\u00c1MOP-4.1.1.F-14\/1\/KONV-2015-0008 azonos\u00edt\u00f3 sz\u00e1m\u00fa p\u00e1ly\u00e1zat keret\u00e9ben megalakult a K\u00f6z\u00e9p-Dun\u00e1nt\u00fali Region\u00e1lis K\u00e9pz\u00e9si Klaszter.<\/p><p>A K\u00f6z\u00e9p-Dun\u00e1nt\u00fali Region\u00e1lis K\u00e9pz\u00e9si Klaszter hat alap\u00edt\u00f3 tag egy\u00fcttm\u0171k\u00f6d\u00e9se eredm\u00e9nyek\u00e9nt 2015. november\u00e9ben alakult. A Duna\u00fajv\u00e1rosi F\u0151iskola, a KDRI\u00dc Nonprofit Kft., az Ecotech Nonprofit Zrt., az Universitas Nonprofit Kft., a Dorsum Zrt. \u00e9s a Swicon Zrt. a Klaszter megalak\u00edt\u00e1s\u00e1val elk\u00f6telezetts\u00e9g\u00fcket fejezt\u00e9k ki a du\u00e1lis k\u00e9pz\u00e9sben \u00e9rdekelt szerepl\u0151k egy\u00fcttm\u0171k\u00f6d\u00e9s\u00e9nek er\u0151s\u00edt\u00e9se, a munkaer\u0151 kereslet \u00e9s k\u00edn\u00e1lat egyens\u00faly\u00e1nak n\u00f6vel\u00e9se, a r\u00e9gi\u00f3 foglalkoztat\u00e1si szintj\u00e9nek n\u00f6vel\u00e9se, a ter\u00fcleti foglalkoztat\u00e1si egyenl\u0151tlens\u00e9gek cs\u00f6kkent\u00e9se, a munkahelyteremt\u00e9s \u00f6szt\u00f6nz\u00e9se, a szakk\u00e9pz\u00e9s rendszer\u00e9nek fejleszt\u00e9se, tov\u00e1bb\u00e1 a gazdas\u00e1g ig\u00e9nyeihez igazod\u00f3 szakk\u00e9pz\u00e9s t\u00e1mogat\u00e1sa tekintet\u00e9ben.<\/p>\t\t\t\t\t\t\t\t<\/div>\n\t\t\t\t<\/div>\n\t\t\t\t<div class=\"elementor-element elementor-element-fd59c02 elementor-widget elementor-widget-heading\" data-id=\"fd59c02\" data-element_type=\"widget\" data-e-type=\"widget\" data-widget_type=\"heading.default\">\n\t\t\t\t<div class=\"elementor-widget-container\">\n\t\t\t\t\t<h4 class=\"elementor-heading-title elementor-size-default\">A K\u00f6z\u00e9p-Dun\u00e1nt\u00fali Region\u00e1lis K\u00e9pz\u00e9si Klaszter \u00e1ltal\u00e1nos c\u00e9ljai:<\/h4>\t\t\t\t<\/div>\n\t\t\t\t<\/div>\n\t\t\t\t<div class=\"elementor-element elementor-element-77a1e79 elementor-widget elementor-widget-text-editor\" data-id=\"77a1e79\" data-element_type=\"widget\" data-e-type=\"widget\" data-widget_type=\"text-editor.default\">\n\t\t\t\t<div class=\"elementor-widget-container\">\n\t\t\t\t\t\t\t\t\t<ul><li>a r\u00e9gi\u00f3 t\u00e1rsadalmi \u00e9s gazdas\u00e1gi koh\u00e9zi\u00f3j\u00e1nak n\u00f6vel\u00e9se;<\/li><li>a gazdas\u00e1gfejleszt\u00e9shez sz\u00fcks\u00e9ges munkaer\u0151-piaci inform\u00e1ci\u00f3k biztos\u00edt\u00e1sa;<\/li><li>szoros egy\u00fcttm\u0171k\u00f6d\u00e9s kialak\u00edt\u00e1sa a gazdas\u00e1gi szf\u00e9r\u00e1val;<\/li><li>a munkaer\u0151 kereslet \u00e9s k\u00edn\u00e1lat egyens\u00faly\u00e1nak n\u00f6vel\u00e9se;<\/li><li>a r\u00e9gi\u00f3 foglalkoztat\u00e1si szintj\u00e9nek n\u00f6vel\u00e9se;<\/li><li>a region\u00e1lis munkaer\u0151-piac gyakorlati k\u00e9pz\u00e9si ig\u00e9ny\u00e9nek kiszolg\u00e1l\u00e1sa;<\/li><li>gyakorlatorient\u00e1lts\u00e1g n\u00f6vel\u00e9se a k\u00e9pz\u00e9sben;<\/li><li>a gyakorlati helyek kapacit\u00e1sainak b\u0151v\u00edt\u00e9se a Klaszter tagok k\u00f6zrem\u0171k\u00f6d\u00e9s\u00e9vel;<\/li><li>a ter\u00fcleti \u00e9s \u00e1gazati munkaer\u0151-piaci ig\u00e9nyekre gyorsan reag\u00e1lni k\u00e9pes munkaer\u0151-piaci egy\u00fcttm\u0171k\u00f6d\u00e9sek biztos\u00edt\u00e1sa;<\/li><li>hazai \u00e9s nemzetk\u00f6zi szervezetekkel val\u00f3 egy\u00fcttm\u0171k\u00f6d\u00e9sek kialak\u00edt\u00e1sa;<\/li><li>a Klaszter tagok \u00e9rdekk\u00e9pviselete a hazai \u00e9s nemzetk\u00f6zi szervezetekben;<\/li><li>a ter\u00fcleti foglalkoztat\u00e1si egyenl\u0151tlens\u00e9gek cs\u00f6kkent\u00e9se;<\/li><li>a fiatalok elhelyezked\u00e9s\u00e9nek seg\u00edt\u00e9se;<\/li><li>az alacsony iskolai v\u00e9gzetts\u00e9g\u0171ek \u00e9s a szakk\u00e9pzetlenek k\u00e9pz\u00e9s\u00e9nek \u00e9s foglalkoztat\u00e1s\u00e1nak el\u0151seg\u00edt\u00e9se;<\/li><li>a munkahelyteremt\u00e9s \u00f6szt\u00f6nz\u00e9se;<\/li><li>a munkaer\u0151-piaci kulcskompetenci\u00e1k fejleszt\u00e9se;<\/li><li>a versenyk\u00e9pes tud\u00e1s megszerz\u00e9s\u00e9nek t\u00e1mogat\u00e1sa;<\/li><li>a szakk\u00e9pz\u00e9s rendszer\u00e9nek fejleszt\u00e9se;<\/li><li>versenyk\u00e9pes munkaer\u0151 biztos\u00edt\u00e1sa a v\u00e1llalkoz\u00e1sok sz\u00e1m\u00e1ra;<\/li><li>a gazdas\u00e1g ig\u00e9nyeihez igazod\u00f3 szakk\u00e9pz\u00e9s t\u00e1mogat\u00e1sa;<\/li><li>a gazdas\u00e1got k\u00e9pvisel\u0151 szervezetek szerep\u00e9nek n\u00f6vel\u00e9se a szakk\u00e9pz\u00e9sben;<\/li><li>gyakorl\u00f3 szakemberek bevon\u00e1sa a k\u00e9pz\u00e9sekbe;<\/li><li>a kor\u00e1bban kialak\u00edtott szakk\u00e9pz\u00e9si \u00e9s fels\u0151oktat\u00e1si kapacit\u00e1sok kihaszn\u00e1lts\u00e1g\u00e1nak n\u00f6vel\u00e9se;<\/li><\/ul>\t\t\t\t\t\t\t\t<\/div>\n\t\t\t\t<\/div>\n\t\t\t\t<div class=\"elementor-element elementor-element-d7326ab elementor-widget elementor-widget-heading\" data-id=\"d7326ab\" data-element_type=\"widget\" data-e-type=\"widget\" data-widget_type=\"heading.default\">\n\t\t\t\t<div class=\"elementor-widget-container\">\n\t\t\t\t\t<h4 class=\"elementor-heading-title elementor-size-default\">Klasztermenedzsment Szervezet c\u00edme:<\/h4>\t\t\t\t<\/div>\n\t\t\t\t<\/div>\n\t\t\t\t<div class=\"elementor-element elementor-element-4a784fd elementor-widget elementor-widget-text-editor\" data-id=\"4a784fd\" data-element_type=\"widget\" data-e-type=\"widget\" data-widget_type=\"text-editor.default\">\n\t\t\t\t<div class=\"elementor-widget-container\">\n\t\t\t\t\t\t\t\t\t<p>Central Transdanubian Regional Innovation Agency Nonprofit Ltd.<\/p><p>8000 Sz\u00e9kesfeh\u00e9rv\u00e1r, Sereg\u00e9lyesi \u00fat 113. (V\u00e1llalkoz\u00f3i K\u00f6zpont) 3. emelet 308.<\/p><p>Telefon: +36 22 514 111<\/p>\t\t\t\t\t\t\t\t<\/div>\n\t\t\t\t<\/div>\n\t\t\t\t<div class=\"elementor-element elementor-element-0e4baf5 elementor-widget elementor-widget-heading\" data-id=\"0e4baf5\" data-element_type=\"widget\" data-e-type=\"widget\" data-widget_type=\"heading.default\">\n\t\t\t\t<div class=\"elementor-widget-container\">\n\t\t\t\t\t<h4 class=\"elementor-heading-title elementor-size-default\">A Klaszter alap\u00edt\u00f3kr\u00f3l az al\u00e1bbi linkeken t\u00e1j\u00e9koz\u00f3dhat:<\/h4>\t\t\t\t<\/div>\n\t\t\t\t<\/div>\n\t\t\t\t<div class=\"elementor-element elementor-element-d1944b1 elementor-widget elementor-widget-text-editor\" data-id=\"d1944b1\" data-element_type=\"widget\" data-e-type=\"widget\" data-widget_type=\"text-editor.default\">\n\t\t\t\t<div class=\"elementor-widget-container\">\n\t\t\t\t\t\t\t\t\t<p>Duna\u00fajv\u00e1rosi Egyetem: <a href=\"https:\/\/www.uniduna.hu\/\" target=\"_blank\" rel=\"noopener\">www.uniduna.hu<\/a><br \/>KDRI\u00dc Nonprofit Kft.: <a href=\"http:\/\/www.kdriu.hu\/en\/\" target=\"_blank\" rel=\"noopener\">www.kdriu.hu<\/a><br \/>Ecotech Nonprofit Zrt.: <a href=\"https:\/\/ecotech.hu\/\" target=\"_blank\" rel=\"noopener\">http:\/\/ecotech.hu<\/a><br \/>Universitas Nonprofit Kft.: <a href=\"https:\/\/universitas-service.hu\/\" target=\"_blank\" rel=\"noopener\">www.universitas-service.hu<\/a><br \/>Dorsum Zrt.: <a href=\"https:\/\/www.dorsum.eu\/\" target=\"_blank\" rel=\"noopener\">www.dorsum.eu<\/a><br \/>Swicon Zrt.: <a href=\"https:\/\/swicon.com\/\" target=\"_blank\" rel=\"noopener\">http:\/\/swicon.com<\/a><\/p>\t\t\t\t\t\t\t\t<\/div>\n\t\t\t\t<\/div>\n\t\t\t\t\t<\/div>\n\t\t<\/div>\n\t\t\t\t\t<\/div>\n\t\t<\/section>\n\t\t\t\t\t<\/div>\n\t\t<\/div>\n\t\t\t\t\t<\/div>\n\t\t<\/section>\n\t\t\t\t<\/div>","protected":false},"excerpt":{"rendered":"<p>K\u00f6z\u00e9p-Dun\u00e1nt\u00fali Region\u00e1lis K\u00e9pz\u00e9si Klaszter A \u201epiack\u00e9pes du\u00e1lis k\u00e9pz\u00e9s fejleszt\u00e9se az orsz\u00e1g k\u00f6zep\u00e9n\u201d c\u00edm\u0171, T\u00c1MOP-4.1.1.F-14\/1\/KONV-2015-0008 azonos\u00edt\u00f3 sz\u00e1m\u00fa p\u00e1ly\u00e1zat keret\u00e9ben megalakult a K\u00f6z\u00e9p-Dun\u00e1nt\u00fali Region\u00e1lis K\u00e9pz\u00e9si Klaszter. A K\u00f6z\u00e9p-Dun\u00e1nt\u00fali Region\u00e1lis K\u00e9pz\u00e9si Klaszter hat alap\u00edt\u00f3 tag egy\u00fcttm\u0171k\u00f6d\u00e9se eredm\u00e9nyek\u00e9nt 2015. november\u00e9ben alakult. A Duna\u00fajv\u00e1rosi F\u0151iskola, a KDRI\u00dc Nonprofit Kft., az Ecotech Nonprofit Zrt., az Universitas Nonprofit Kft., a Dorsum Zrt. [&hellip;]<\/p>\n","protected":false},"author":1,"featured_media":0,"parent":0,"menu_order":0,"comment_status":"closed","ping_status":"closed","template":"","meta":{"site-sidebar-layout":"no-sidebar","site-content-layout":"page-builder","ast-site-content-layout":"default","site-content-style":"default","site-sidebar-style":"default","ast-global-header-display":"","ast-banner-title-visibility":"","ast-main-header-display":"","ast-hfb-above-header-display":"","ast-hfb-below-header-display":"","ast-hfb-mobile-header-display":"","site-post-title":"disabled","ast-breadcrumbs-content":"","ast-featured-img":"disabled","footer-sml-layout":"","ast-disable-related-posts":"","theme-transparent-header-meta":"default","adv-header-id-meta":"","stick-header-meta":"","header-above-stick-meta":"","header-main-stick-meta":"","header-below-stick-meta":"","astra-migrate-meta-layouts":"default","ast-page-background-enabled":"default","ast-page-background-meta":{"desktop":{"background-color":"","background-image":"","background-repeat":"repeat","background-position":"center center","background-size":"auto","background-attachment":"scroll","background-type":"","background-media":"","overlay-type":"","overlay-color":"","overlay-opacity":"","overlay-gradient":""},"tablet":{"background-color":"","background-image":"","background-repeat":"repeat","background-position":"center center","background-size":"auto","background-attachment":"scroll","background-type":"","background-media":"","overlay-type":"","overlay-color":"","overlay-opacity":"","overlay-gradient":""},"mobile":{"background-color":"","background-image":"","background-repeat":"repeat","background-position":"center center","background-size":"auto","background-attachment":"scroll","background-type":"","background-media":"","overlay-type":"","overlay-color":"","overlay-opacity":"","overlay-gradient":""}},"ast-content-background-meta":{"desktop":{"background-color":"var(--ast-global-color-5)","background-image":"","background-repeat":"repeat","background-position":"center center","background-size":"auto","background-attachment":"scroll","background-type":"","background-media":"","overlay-type":"","overlay-color":"","overlay-opacity":"","overlay-gradient":""},"tablet":{"background-color":"var(--ast-global-color-5)","background-image":"","background-repeat":"repeat","background-position":"center center","background-size":"auto","background-attachment":"scroll","background-type":"","background-media":"","overlay-type":"","overlay-color":"","overlay-opacity":"","overlay-gradient":""},"mobile":{"background-color":"var(--ast-global-color-5)","background-image":"","background-repeat":"repeat","background-position":"center center","background-size":"auto","background-attachment":"scroll","background-type":"","background-media":"","overlay-type":"","overlay-color":"","overlay-opacity":"","overlay-gradient":""}},"footnotes":""},"class_list":["post-3358","page","type-page","status-publish","hentry"],"_links":{"self":[{"href":"https:\/\/www.kdriu.hu\/en\/wp-json\/wp\/v2\/pages\/3358","targetHints":{"allow":["GET"]}}],"collection":[{"href":"https:\/\/www.kdriu.hu\/en\/wp-json\/wp\/v2\/pages"}],"about":[{"href":"https:\/\/www.kdriu.hu\/en\/wp-json\/wp\/v2\/types\/page"}],"author":[{"embeddable":true,"href":"https:\/\/www.kdriu.hu\/en\/wp-json\/wp\/v2\/users\/1"}],"replies":[{"embeddable":true,"href":"https:\/\/www.kdriu.hu\/en\/wp-json\/wp\/v2\/comments?post=3358"}],"version-history":[{"count":22,"href":"https:\/\/www.kdriu.hu\/en\/wp-json\/wp\/v2\/pages\/3358\/revisions"}],"predecessor-version":[{"id":4263,"href":"https:\/\/www.kdriu.hu\/en\/wp-json\/wp\/v2\/pages\/3358\/revisions\/4263"}],"wp:attachment":[{"href":"https:\/\/www.kdriu.hu\/en\/wp-json\/wp\/v2\/media?parent=3358"}],"curies":[{"name":"wp","href":"https:\/\/api.w.org\/{rel}","templated":true}]}}