{"id":6656,"date":"2022-08-22T09:22:26","date_gmt":"2022-08-22T09:22:26","guid":{"rendered":"http:\/\/www.kdriu.hu\/?page_id=6656"},"modified":"2022-09-02T08:16:15","modified_gmt":"2022-09-02T08:16:15","slug":"nemzeti-ujrahasznalati-honap-irorszag","status":"publish","type":"page","link":"https:\/\/www.kdriu.hu\/en\/nemzeti-ujrahasznalati-honap-irorszag\/","title":{"rendered":"Nemzeti \u00fajrahaszn\u00e1lati h\u00f3nap (\u00cdrorsz\u00e1g)"},"content":{"rendered":"<div data-elementor-type=\"wp-page\" data-elementor-id=\"6656\" class=\"elementor elementor-6656\" data-elementor-post-type=\"page\">\n\t\t\t\t\t\t<section class=\"elementor-section elementor-top-section elementor-element elementor-element-6283e950 elementor-section-stretched elementor-section-height-min-height elementor-section-boxed elementor-section-height-default elementor-section-items-middle elementor-invisible\" data-id=\"6283e950\" data-element_type=\"section\" data-e-type=\"section\" data-settings=\"{&quot;background_background&quot;:&quot;classic&quot;,&quot;stretch_section&quot;:&quot;section-stretched&quot;,&quot;animation&quot;:&quot;fadeIn&quot;}\">\n\t\t\t\t\t\t\t<div class=\"elementor-background-overlay\"><\/div>\n\t\t\t\t\t\t\t<div class=\"elementor-container elementor-column-gap-no\">\n\t\t\t\t\t<div class=\"elementor-column elementor-col-100 elementor-top-column elementor-element elementor-element-4b92b548\" data-id=\"4b92b548\" data-element_type=\"column\" data-e-type=\"column\">\n\t\t\t<div class=\"elementor-widget-wrap elementor-element-populated\">\n\t\t\t\t\t\t<div class=\"elementor-element elementor-element-732c14d elementor-widget elementor-widget-spacer\" data-id=\"732c14d\" data-element_type=\"widget\" data-e-type=\"widget\" data-widget_type=\"spacer.default\">\n\t\t\t\t<div class=\"elementor-widget-container\">\n\t\t\t\t\t\t\t<div class=\"elementor-spacer\">\n\t\t\t<div class=\"elementor-spacer-inner\"><\/div>\n\t\t<\/div>\n\t\t\t\t\t\t<\/div>\n\t\t\t\t<\/div>\n\t\t\t\t<div class=\"elementor-element elementor-element-73f8442 elementor-widget elementor-widget-heading\" data-id=\"73f8442\" data-element_type=\"widget\" data-e-type=\"widget\" data-widget_type=\"heading.default\">\n\t\t\t\t<div class=\"elementor-widget-container\">\n\t\t\t\t\t<h2 class=\"elementor-heading-title elementor-size-default\">Nemzeti \u00fajrahaszn\u00e1lati h\u00f3nap (\u00cdrorsz\u00e1g)<\/h2>\t\t\t\t<\/div>\n\t\t\t\t<\/div>\n\t\t\t\t\t<\/div>\n\t\t<\/div>\n\t\t\t\t\t<\/div>\n\t\t<\/section>\n\t\t\t\t<section class=\"elementor-section elementor-top-section elementor-element elementor-element-4bdb8ccd elementor-section-stretched elementor-section-boxed elementor-section-height-default elementor-section-height-default\" data-id=\"4bdb8ccd\" data-element_type=\"section\" data-e-type=\"section\" data-settings=\"{&quot;stretch_section&quot;:&quot;section-stretched&quot;,&quot;background_background&quot;:&quot;classic&quot;}\">\n\t\t\t\t\t\t<div class=\"elementor-container elementor-column-gap-no\">\n\t\t\t\t\t<div class=\"elementor-column elementor-col-100 elementor-top-column elementor-element elementor-element-14edd571\" data-id=\"14edd571\" data-element_type=\"column\" data-e-type=\"column\">\n\t\t\t<div class=\"elementor-widget-wrap elementor-element-populated\">\n\t\t\t\t\t\t<section class=\"elementor-section elementor-inner-section elementor-element elementor-element-6058330e elementor-section-boxed elementor-section-height-default elementor-section-height-default\" data-id=\"6058330e\" data-element_type=\"section\" data-e-type=\"section\">\n\t\t\t\t\t\t<div class=\"elementor-container elementor-column-gap-default\">\n\t\t\t\t\t<div class=\"elementor-column elementor-col-100 elementor-inner-column elementor-element elementor-element-681c7a2e\" data-id=\"681c7a2e\" data-element_type=\"column\" data-e-type=\"column\" data-settings=\"{&quot;background_background&quot;:&quot;classic&quot;}\">\n\t\t\t<div class=\"elementor-widget-wrap elementor-element-populated\">\n\t\t\t\t\t\t<div class=\"elementor-element elementor-element-16f9f01f elementor-widget elementor-widget-text-editor\" data-id=\"16f9f01f\" data-element_type=\"widget\" data-e-type=\"widget\" data-widget_type=\"text-editor.default\">\n\t\t\t\t<div class=\"elementor-widget-container\">\n\t\t\t\t\t\t\t\t\t<h4>2016-ban a h\u00e1rom \u00edr region\u00e1lis hullad\u00e9k\u00fcgyi hat\u00f3s\u00e1g, amely mind a 31 helyi hat\u00f3s\u00e1got k\u00e9pviseli, elind\u00edtotta \u00cdrorsz\u00e1g \u201eNemzeti \u00dajrahaszn\u00e1lati H\u00f3napj\u00e1t\u201d.<\/h4><p>A \u201eNemzeti \u00dajrahaszn\u00e1lati H\u00f3napot\u201d 2016- ban vezette be a h\u00e1rom \u00edr region\u00e1lis hullad\u00e9k\u00fcgyi hat\u00f3s\u00e1g, nevezetesen a Kelet-k\u00f6z\u00e9phegys\u00e9gi Hullad\u00e9kgazd\u00e1lkod\u00e1si R\u00e9gi\u00f3, a D\u00e9li Hullad\u00e9kgazd\u00e1lkod\u00e1si R\u00e9gi\u00f3 \u00e9s a Connacht Ulsteri Hullad\u00e9kgazd\u00e1lkod\u00e1si R\u00e9gi\u00f3. A minden \u00e9v okt\u00f3ber\u00e9ben megrendez\u00e9sre ker\u00fcl\u0151 h\u00f3nap c\u00e9lja, hogy inspir\u00e1lja \u00e9s k\u00e9szs\u00e9gekkel \u00e9s eszk\u00f6z\u00f6kkel l\u00e1ssa el az embereket, hogy t\u00f6bb dolgot hasznos\u00edtsanak \u00fajra otthon, a munkahely\u00fck\u00f6n \u00e9s szabadidej\u00fckben. A lakoss\u00e1got, a k\u00f6z\u00f6ss\u00e9gi csoportokat \u00e9s v\u00e1llalkoz\u00e1sokat azzal a c\u00e9llal h\u00edvj\u00e1k meg, hogy r\u00e9szt vegyenek az \u00e9lelmiszerhullad\u00e9k kezel\u00e9s\u00e9t\u0151l kezdve az \u00fajra hasznos\u00edt\u00e1son kereszt\u00fcl a divatig \u00e9s a b\u00fatorokig terjed\u0151 t\u00e9m\u00e1kban szervezett m\u0171helyekben \u00e9s rendezv\u00e9nyeken.<\/p><p>A rendezv\u00e9nyek mellett online forr\u00e1sok is rendelkez\u00e9sre \u00e1llnak az \u00fajrafelhaszn\u00e1l\u00e1sr\u00f3l, \u00e9s a Nemzeti \u00dajrafelhaszn\u00e1l\u00e1si H\u00f3nappal p\u00e1rhuzamosan \u00e9vente egy \u00fajrafelhaszn\u00e1l\u00e1si versenyt is rendeznek. Az \u00fajrafelhaszn\u00e1l\u00e1s a t\u00e1rgyaink megbecs\u00fcl\u00e9s\u00e9r\u0151l sz\u00f3l, az\u00e1ltal, hogy min\u00e9l hosszabb ideig \u00e9s min\u00e9l gyakrabban haszn\u00e1ljuk \u00e9s \u00fajra haszn\u00e1ljuk azokat. Ily m\u00f3don cs\u00f6kkenhet a sz\u00fcks\u00e9glet a nyersanyagok kitermel\u00e9s\u00e9re, az \u00faj dolgok gy\u00e1rt\u00e1s\u00e1ra \u00e9s forgalmaz\u00e1s\u00e1ra, \u00e9s elker\u00fclhet\u0151 a hullad\u00e9k keletkez\u00e9s, ami cs\u00f6kkenti az \u00fcvegh\u00e1zhat\u00e1st okoz\u00f3 g\u00e1zok kibocs\u00e1t\u00e1s\u00e1t.<\/p><p>Ez a kamp\u00e1ny egy olyan gener\u00e1ci\u00f3t c\u00e9loz meg, amely olyan fogyaszt\u00f3i kult\u00far\u00e1ban n\u0151tt fel, amely nem gondolkodik azon, hogy a dolgok honnan sz\u00e1rmaznak, vagy hov\u00e1 ker\u00fclnek haszn\u00e1latuk ut\u00e1n. A kamp\u00e1ny c\u00e9lja, hogy felh\u00edvja a figyelmet az els\u0151dleges er\u0151forr\u00e1sok elhaszn\u00e1l\u00e1s\u00e1nak \u00e9s a hullad\u00e9kfelhalmoz\u00e1snak a k\u00f6rnyezeti k\u00f6vetkezm\u00e9nyeire.<\/p>\t\t\t\t\t\t\t\t<\/div>\n\t\t\t\t<\/div>\n\t\t\t\t<div class=\"elementor-element elementor-element-74366b3a elementor-widget elementor-widget-heading\" data-id=\"74366b3a\" data-element_type=\"widget\" data-e-type=\"widget\" data-widget_type=\"heading.default\">\n\t\t\t\t<div class=\"elementor-widget-container\">\n\t\t\t\t\t<h4 class=\"elementor-heading-title elementor-size-default\">Sz\u00fcks\u00e9ges er\u0151forr\u00e1sok<\/h4>\t\t\t\t<\/div>\n\t\t\t\t<\/div>\n\t\t\t\t<div class=\"elementor-element elementor-element-2ea6b42a elementor-widget elementor-widget-text-editor\" data-id=\"2ea6b42a\" data-element_type=\"widget\" data-e-type=\"widget\" data-widget_type=\"text-editor.default\">\n\t\t\t\t<div class=\"elementor-widget-container\">\n\t\t\t\t\t\t\t\t\t<p>A kamp\u00e1nyt a region\u00e1lis hat\u00f3s\u00e1gok bels\u0151 szervez\u00e9sben, vagy a hat\u00f3s\u00e1gok \u00e1ltal p\u00e1ly\u00e1zat \u00fatj\u00e1n (&lt;25 000 EUR) &gt;&lt;25\u00a0000 EUR) felk\u00e9rt k\u00fcls\u0151 partnerek \u00e1ltal ir\u00e1ny\u00edtj\u00e1k. Kisebb \u00f6sszegeket civil szervezetek, k\u00f6z\u00f6ss\u00e9gi csoportok \u00e9s m\u00e1sok sz\u00e1m\u00e1ra is rendelkez\u00e9sre bocs\u00e1tanak a kamp\u00e1nyt kieg\u00e9sz\u00edt\u0151 rendezv\u00e9nyek vagy projektek lebonyol\u00edt\u00e1s\u00e1ra.<\/p>\t\t\t\t\t\t\t\t<\/div>\n\t\t\t\t<\/div>\n\t\t\t\t<div class=\"elementor-element elementor-element-2199045b elementor-widget elementor-widget-heading\" data-id=\"2199045b\" data-element_type=\"widget\" data-e-type=\"widget\" data-widget_type=\"heading.default\">\n\t\t\t\t<div class=\"elementor-widget-container\">\n\t\t\t\t\t<h4 class=\"elementor-heading-title elementor-size-default\">A siker mutat\u00f3i<\/h4>\t\t\t\t<\/div>\n\t\t\t\t<\/div>\n\t\t\t\t<div class=\"elementor-element elementor-element-25eda427 elementor-widget elementor-widget-text-editor\" data-id=\"25eda427\" data-element_type=\"widget\" data-e-type=\"widget\" data-widget_type=\"text-editor.default\">\n\t\t\t\t<div class=\"elementor-widget-container\">\n\t\t\t\t\t\t\t\t\t<p>A kamp\u00e1ny bemutatja, hogy a helyi hat\u00f3s\u00e1gok, k\u00f6z\u00f6ss\u00e9gek, v\u00e1llalkoz\u00e1sok, civil szervezetek \u00e9s t\u00e1rsadalmi v\u00e1llalkoz\u00e1sok orsz\u00e1gos szint\u0171 egy\u00fcttm\u0171k\u00f6d\u00e9se hogyan m\u0171k\u00f6dhet hat\u00e9konyan az \u00fajrahaszn\u00e1lat el\u0151mozd\u00edt\u00e1sa \u00e9rdek\u00e9ben. Multikultur\u00e1lis \u00e9s gener\u00e1ci\u00f3kon \u00e1t\u00edvel\u0151, a lakoss\u00e1g sz\u00e9les r\u00e9tegei sz\u00e1m\u00e1ra ny\u00fajt eszk\u00f6z\u00f6ket \u00e9s ismereteket az \u201eotthoni, munkahelyi \u00e9s szabadid\u0151s\u201d \u00fajra haszn\u00e1latr\u00f3l, pozit\u00edv hat\u00e1st fejtve ki az eg\u00e9sz orsz\u00e1gra. A kamp\u00e1ny sokak tetsz\u00e9s\u00e9t elnyerte, mivel a r\u00e9szv\u00e9tel \u00e9vr\u0151l \u00e9vre n\u0151, \u00e9s a r\u00e9sztvev\u0151k k\u00fcl\u00f6nb\u00f6z\u0151 \u00e1gazatb\u00f3l tev\u0151dnek \u00f6ssze.<\/p>\t\t\t\t\t\t\t\t<\/div>\n\t\t\t\t<\/div>\n\t\t\t\t<div class=\"elementor-element elementor-element-3e345b24 elementor-widget elementor-widget-heading\" data-id=\"3e345b24\" data-element_type=\"widget\" data-e-type=\"widget\" data-widget_type=\"heading.default\">\n\t\t\t\t<div class=\"elementor-widget-container\">\n\t\t\t\t\t<h4 class=\"elementor-heading-title elementor-size-default\">A felmer\u00fclt neh\u00e9zs\u00e9gek<\/h4>\t\t\t\t<\/div>\n\t\t\t\t<\/div>\n\t\t\t\t<div class=\"elementor-element elementor-element-4b27eb90 elementor-widget elementor-widget-text-editor\" data-id=\"4b27eb90\" data-element_type=\"widget\" data-e-type=\"widget\" data-widget_type=\"text-editor.default\">\n\t\t\t\t<div class=\"elementor-widget-container\">\n\t\t\t\t\t\t\t\t\t<ul><li>Az \u00fajrafelhaszn\u00e1l\u00e1s ir\u00e1nt \u00e1ltal\u00e1ban nem \u00e9rdekl\u0151d\u0151k bevon\u00e1sa k\u00fcl\u00f6n\u00f6sen nagy kih\u00edv\u00e1st jelentett 2020-ban, amikor a COVID-19 vil\u00e1gj\u00e1rv\u00e1ny miatt minden tev\u00e9kenys\u00e9g online zajlott.<\/li><li>A kamp\u00e1ny ismerts\u00e9g\u00e9nek n\u00f6vel\u00e9se.<\/li><\/ul>\t\t\t\t\t\t\t\t<\/div>\n\t\t\t\t<\/div>\n\t\t\t\t<div class=\"elementor-element elementor-element-7ad387c3 elementor-widget elementor-widget-heading\" data-id=\"7ad387c3\" data-element_type=\"widget\" data-e-type=\"widget\" data-widget_type=\"heading.default\">\n\t\t\t\t<div class=\"elementor-widget-container\">\n\t\t\t\t\t<h4 class=\"elementor-heading-title elementor-size-default\">A tanul\u00e1s \u00e9s az ismeretek \u00e1tad\u00e1s\u00e1nak lehet\u0151s\u00e9ge<\/h4>\t\t\t\t<\/div>\n\t\t\t\t<\/div>\n\t\t\t\t<div class=\"elementor-element elementor-element-1723693e elementor-widget elementor-widget-text-editor\" data-id=\"1723693e\" data-element_type=\"widget\" data-e-type=\"widget\" data-widget_type=\"text-editor.default\">\n\t\t\t\t<div class=\"elementor-widget-container\">\n\t\t\t\t\t\t\t\t\t<ul><li>Az eg\u00e9sz orsz\u00e1g helyi hat\u00f3s\u00e1gainak bevon\u00e1sa a region\u00e1lis hat\u00f3s\u00e1gi szervezeten kereszt\u00fcl.<\/li><li>M\u00e1rka\u00e9p\u00edt\u00e9s.<\/li><li>Eszk\u00f6zt\u00e1rak \u00e9s vide\u00f3k.<\/li><li>Kezdem\u00e9nyez\u00e9s, amely egy teljes h\u00f3napig az \u00fajrafelhaszn\u00e1l\u00e1sra \u00f6sszpontos\u00edt olyan gyakorlat-orient\u00e1lt \u00e9s v\u00e1ltozatos rendezv\u00e9nyek r\u00e9v\u00e9n, amelyeket az eg\u00e9sz orsz\u00e1gban tartanak (hozz\u00e1f\u00e9rhet\u0151 m\u00f3don).<\/li><\/ul>\t\t\t\t\t\t\t\t<\/div>\n\t\t\t\t<\/div>\n\t\t\t\t\t<\/div>\n\t\t<\/div>\n\t\t\t\t\t<\/div>\n\t\t<\/section>\n\t\t\t\t\t<\/div>\n\t\t<\/div>\n\t\t\t\t\t<\/div>\n\t\t<\/section>\n\t\t\t\t<\/div>","protected":false},"excerpt":{"rendered":"<p>Nemzeti \u00fajrahaszn\u00e1lati h\u00f3nap (\u00cdrorsz\u00e1g) 2016-ban a h\u00e1rom \u00edr region\u00e1lis hullad\u00e9k\u00fcgyi hat\u00f3s\u00e1g, amely mind a 31 helyi hat\u00f3s\u00e1got k\u00e9pviseli, elind\u00edtotta \u00cdrorsz\u00e1g \u201eNemzeti \u00dajrahaszn\u00e1lati H\u00f3napj\u00e1t\u201d. A \u201eNemzeti \u00dajrahaszn\u00e1lati H\u00f3napot\u201d 2016- ban vezette be a h\u00e1rom \u00edr region\u00e1lis hullad\u00e9k\u00fcgyi hat\u00f3s\u00e1g, nevezetesen a Kelet-k\u00f6z\u00e9phegys\u00e9gi Hullad\u00e9kgazd\u00e1lkod\u00e1si R\u00e9gi\u00f3, a D\u00e9li Hullad\u00e9kgazd\u00e1lkod\u00e1si R\u00e9gi\u00f3 \u00e9s a Connacht Ulsteri Hullad\u00e9kgazd\u00e1lkod\u00e1si R\u00e9gi\u00f3. A minden \u00e9v [&hellip;]<\/p>\n","protected":false},"author":1,"featured_media":0,"parent":0,"menu_order":0,"comment_status":"closed","ping_status":"closed","template":"","meta":{"site-sidebar-layout":"no-sidebar","site-content-layout":"page-builder","ast-site-content-layout":"default","site-content-style":"default","site-sidebar-style":"default","ast-global-header-display":"","ast-banner-title-visibility":"","ast-main-header-display":"","ast-hfb-above-header-display":"","ast-hfb-below-header-display":"","ast-hfb-mobile-header-display":"","site-post-title":"disabled","ast-breadcrumbs-content":"","ast-featured-img":"disabled","footer-sml-layout":"","ast-disable-related-posts":"","theme-transparent-header-meta":"","adv-header-id-meta":"","stick-header-meta":"","header-above-stick-meta":"","header-main-stick-meta":"","header-below-stick-meta":"","astra-migrate-meta-layouts":"default","ast-page-background-enabled":"default","ast-page-background-meta":{"desktop":{"background-color":"","background-image":"","background-repeat":"repeat","background-position":"center center","background-size":"auto","background-attachment":"scroll","background-type":"","background-media":"","overlay-type":"","overlay-color":"","overlay-opacity":"","overlay-gradient":""},"tablet":{"background-color":"","background-image":"","background-repeat":"repeat","background-position":"center center","background-size":"auto","background-attachment":"scroll","background-type":"","background-media":"","overlay-type":"","overlay-color":"","overlay-opacity":"","overlay-gradient":""},"mobile":{"background-color":"","background-image":"","background-repeat":"repeat","background-position":"center center","background-size":"auto","background-attachment":"scroll","background-type":"","background-media":"","overlay-type":"","overlay-color":"","overlay-opacity":"","overlay-gradient":""}},"ast-content-background-meta":{"desktop":{"background-color":"var(--ast-global-color-5)","background-image":"","background-repeat":"repeat","background-position":"center center","background-size":"auto","background-attachment":"scroll","background-type":"","background-media":"","overlay-type":"","overlay-color":"","overlay-opacity":"","overlay-gradient":""},"tablet":{"background-color":"var(--ast-global-color-5)","background-image":"","background-repeat":"repeat","background-position":"center center","background-size":"auto","background-attachment":"scroll","background-type":"","background-media":"","overlay-type":"","overlay-color":"","overlay-opacity":"","overlay-gradient":""},"mobile":{"background-color":"var(--ast-global-color-5)","background-image":"","background-repeat":"repeat","background-position":"center center","background-size":"auto","background-attachment":"scroll","background-type":"","background-media":"","overlay-type":"","overlay-color":"","overlay-opacity":"","overlay-gradient":""}},"footnotes":""},"class_list":["post-6656","page","type-page","status-publish","hentry"],"_links":{"self":[{"href":"https:\/\/www.kdriu.hu\/en\/wp-json\/wp\/v2\/pages\/6656","targetHints":{"allow":["GET"]}}],"collection":[{"href":"https:\/\/www.kdriu.hu\/en\/wp-json\/wp\/v2\/pages"}],"about":[{"href":"https:\/\/www.kdriu.hu\/en\/wp-json\/wp\/v2\/types\/page"}],"author":[{"embeddable":true,"href":"https:\/\/www.kdriu.hu\/en\/wp-json\/wp\/v2\/users\/1"}],"replies":[{"embeddable":true,"href":"https:\/\/www.kdriu.hu\/en\/wp-json\/wp\/v2\/comments?post=6656"}],"version-history":[{"count":7,"href":"https:\/\/www.kdriu.hu\/en\/wp-json\/wp\/v2\/pages\/6656\/revisions"}],"predecessor-version":[{"id":7001,"href":"https:\/\/www.kdriu.hu\/en\/wp-json\/wp\/v2\/pages\/6656\/revisions\/7001"}],"wp:attachment":[{"href":"https:\/\/www.kdriu.hu\/en\/wp-json\/wp\/v2\/media?parent=6656"}],"curies":[{"name":"wp","href":"https:\/\/api.w.org\/{rel}","templated":true}]}}