{"id":6668,"date":"2022-08-22T09:25:39","date_gmt":"2022-08-22T09:25:39","guid":{"rendered":"http:\/\/www.kdriu.hu\/?page_id=6668"},"modified":"2022-08-22T09:27:01","modified_gmt":"2022-08-22T09:27:01","slug":"les-petits-riens-az-ujrafelhasznalas-nepszerusitese-a-szocialisan-raszorulo-szemelyek-megsegitese-mellett-belgium","status":"publish","type":"page","link":"https:\/\/www.kdriu.hu\/en\/les-petits-riens-az-ujrafelhasznalas-nepszerusitese-a-szocialisan-raszorulo-szemelyek-megsegitese-mellett-belgium\/","title":{"rendered":"Les Petits Riens: az \u00fajrafelhaszn\u00e1l\u00e1s n\u00e9pszer\u0171s\u00edt\u00e9se a szoci\u00e1lisan r\u00e1szorul\u00f3 szem\u00e9lyek megseg\u00edt\u00e9se mellett (Belgium)"},"content":{"rendered":"<div data-elementor-type=\"wp-page\" data-elementor-id=\"6668\" class=\"elementor elementor-6668\" data-elementor-post-type=\"page\">\n\t\t\t\t\t\t<section class=\"elementor-section elementor-top-section elementor-element elementor-element-35da436e elementor-section-stretched elementor-section-height-min-height elementor-section-boxed elementor-section-height-default elementor-section-items-middle elementor-invisible\" data-id=\"35da436e\" data-element_type=\"section\" data-e-type=\"section\" data-settings=\"{&quot;background_background&quot;:&quot;classic&quot;,&quot;stretch_section&quot;:&quot;section-stretched&quot;,&quot;animation&quot;:&quot;fadeIn&quot;}\">\n\t\t\t\t\t\t\t<div class=\"elementor-background-overlay\"><\/div>\n\t\t\t\t\t\t\t<div class=\"elementor-container elementor-column-gap-no\">\n\t\t\t\t\t<div class=\"elementor-column elementor-col-100 elementor-top-column elementor-element elementor-element-6058cd48\" data-id=\"6058cd48\" data-element_type=\"column\" data-e-type=\"column\">\n\t\t\t<div class=\"elementor-widget-wrap elementor-element-populated\">\n\t\t\t\t\t\t<div class=\"elementor-element elementor-element-540be662 elementor-widget elementor-widget-heading\" data-id=\"540be662\" data-element_type=\"widget\" data-e-type=\"widget\" data-widget_type=\"heading.default\">\n\t\t\t\t<div class=\"elementor-widget-container\">\n\t\t\t\t\t<h2 class=\"elementor-heading-title elementor-size-default\">Les Petits Riens: az \u00fajrafelhaszn\u00e1l\u00e1s n\u00e9pszer\u0171s\u00edt\u00e9se a szoci\u00e1lisan r\u00e1szorul\u00f3 szem\u00e9lyek megseg\u00edt\u00e9se mellett (Belgium)<\/h2>\t\t\t\t<\/div>\n\t\t\t\t<\/div>\n\t\t\t\t\t<\/div>\n\t\t<\/div>\n\t\t\t\t\t<\/div>\n\t\t<\/section>\n\t\t\t\t<section class=\"elementor-section elementor-top-section elementor-element elementor-element-3bb85853 elementor-section-stretched elementor-section-boxed elementor-section-height-default elementor-section-height-default\" data-id=\"3bb85853\" data-element_type=\"section\" data-e-type=\"section\" data-settings=\"{&quot;stretch_section&quot;:&quot;section-stretched&quot;,&quot;background_background&quot;:&quot;classic&quot;}\">\n\t\t\t\t\t\t<div class=\"elementor-container elementor-column-gap-no\">\n\t\t\t\t\t<div class=\"elementor-column elementor-col-100 elementor-top-column elementor-element elementor-element-1c909caa\" data-id=\"1c909caa\" data-element_type=\"column\" data-e-type=\"column\">\n\t\t\t<div class=\"elementor-widget-wrap elementor-element-populated\">\n\t\t\t\t\t\t<section class=\"elementor-section elementor-inner-section elementor-element elementor-element-324809 elementor-section-boxed elementor-section-height-default elementor-section-height-default\" data-id=\"324809\" data-element_type=\"section\" data-e-type=\"section\">\n\t\t\t\t\t\t<div class=\"elementor-container elementor-column-gap-default\">\n\t\t\t\t\t<div class=\"elementor-column elementor-col-100 elementor-inner-column elementor-element elementor-element-4ebe4347\" data-id=\"4ebe4347\" data-element_type=\"column\" data-e-type=\"column\" data-settings=\"{&quot;background_background&quot;:&quot;classic&quot;}\">\n\t\t\t<div class=\"elementor-widget-wrap elementor-element-populated\">\n\t\t\t\t\t\t<div class=\"elementor-element elementor-element-1e47c6cc elementor-widget elementor-widget-image\" data-id=\"1e47c6cc\" data-element_type=\"widget\" data-e-type=\"widget\" data-widget_type=\"image.default\">\n\t\t\t\t<div class=\"elementor-widget-container\">\n\t\t\t\t\t\t\t\t\t\t\t\t\t\t\t<img fetchpriority=\"high\" decoding=\"async\" width=\"1024\" height=\"338\" src=\"https:\/\/www.kdriu.hu\/wp-content\/uploads\/2021\/05\/ERASMUS-LOGOs-17_EN_54f5e4c223c7e-1024x338.jpg\" class=\"attachment-large size-large wp-image-3544\" alt=\"\" srcset=\"https:\/\/www.kdriu.hu\/wp-content\/uploads\/2021\/05\/ERASMUS-LOGOs-17_EN_54f5e4c223c7e-1024x338.jpg 1024w, https:\/\/www.kdriu.hu\/wp-content\/uploads\/2021\/05\/ERASMUS-LOGOs-17_EN_54f5e4c223c7e-300x99.jpg 300w, https:\/\/www.kdriu.hu\/wp-content\/uploads\/2021\/05\/ERASMUS-LOGOs-17_EN_54f5e4c223c7e-768x254.jpg 768w, https:\/\/www.kdriu.hu\/wp-content\/uploads\/2021\/05\/ERASMUS-LOGOs-17_EN_54f5e4c223c7e.jpg 1063w\" sizes=\"(max-width: 1024px) 100vw, 1024px\" \/>\t\t\t\t\t\t\t\t\t\t\t\t\t\t\t<\/div>\n\t\t\t\t<\/div>\n\t\t\t\t<div class=\"elementor-element elementor-element-149b7fda elementor-widget elementor-widget-text-editor\" data-id=\"149b7fda\" data-element_type=\"widget\" data-e-type=\"widget\" data-widget_type=\"text-editor.default\">\n\t\t\t\t<div class=\"elementor-widget-container\">\n\t\t\t\t\t\t\t\t\t<p>The Erasmus for Young Entrepreneurs is an opportunity for start-ups to work in EU Member States and learn from experienced entrepreneurs. Within the framework of the program, young entrepreneurs can travel for a period of 1-6 months to another EU country where the expertise of small and medium-sized enterprises provide help them in implementing their ideas.<\/p><p><strong>The new round of the project started on February 1, 2019, we are looking forward to receiving applications!<\/strong><\/p><p>Please send your application here: gbarath@kdriu.hu<\/p><p>Phone number: +36209172741<\/p>\t\t\t\t\t\t\t\t<\/div>\n\t\t\t\t<\/div>\n\t\t\t\t<div class=\"elementor-element elementor-element-5cccaf26 elementor-widget elementor-widget-heading\" data-id=\"5cccaf26\" data-element_type=\"widget\" data-e-type=\"widget\" data-widget_type=\"heading.default\">\n\t\t\t\t<div class=\"elementor-widget-container\">\n\t\t\t\t\t<h4 class=\"elementor-heading-title elementor-size-default\">What is the purpose of Erasmus for Young Entrepreneurs Program?<\/h4>\t\t\t\t<\/div>\n\t\t\t\t<\/div>\n\t\t\t\t<div class=\"elementor-element elementor-element-398f5ef1 elementor-widget elementor-widget-text-editor\" data-id=\"398f5ef1\" data-element_type=\"widget\" data-e-type=\"widget\" data-widget_type=\"text-editor.default\">\n\t\t\t\t<div class=\"elementor-widget-container\">\n\t\t\t\t\t\t\t\t\t<p align=\"justify\">The initiative encourages entrepreneurship and competitiveness, as well as the internationalization and growth of small and medium-sized enterprises starting and already established in the EU. The project promotes the transfer of know-how and the development of leadership skills for SME managers.<\/p>\t\t\t\t\t\t\t\t<\/div>\n\t\t\t\t<\/div>\n\t\t\t\t<div class=\"elementor-element elementor-element-4450f40a elementor-widget elementor-widget-heading\" data-id=\"4450f40a\" data-element_type=\"widget\" data-e-type=\"widget\" data-widget_type=\"heading.default\">\n\t\t\t\t<div class=\"elementor-widget-container\">\n\t\t\t\t\t<h4 class=\"elementor-heading-title elementor-size-default\">Who can participate in the program?<\/h4>\t\t\t\t<\/div>\n\t\t\t\t<\/div>\n\t\t\t\t<div class=\"elementor-element elementor-element-2c927866 elementor-widget elementor-widget-text-editor\" data-id=\"2c927866\" data-element_type=\"widget\" data-e-type=\"widget\" data-widget_type=\"text-editor.default\">\n\t\t\t\t<div class=\"elementor-widget-container\">\n\t\t\t\t\t\t\t\t\t<p align=\"justify\">Beginner and experienced entrepreneurs. New entrepreneurs are serious about starting their own business, or have started it in the last three years. Experienced entrepreneurs are the owners \/ managers of small or medium-sized enterprises in the European Union.<\/p>\t\t\t\t\t\t\t\t<\/div>\n\t\t\t\t<\/div>\n\t\t\t\t<div class=\"elementor-element elementor-element-7d4c3a6d elementor-widget elementor-widget-heading\" data-id=\"7d4c3a6d\" data-element_type=\"widget\" data-e-type=\"widget\" data-widget_type=\"heading.default\">\n\t\t\t\t<div class=\"elementor-widget-container\">\n\t\t\t\t\t<h4 class=\"elementor-heading-title elementor-size-default\">What does Erasmus offer to young entrepreneurs?<\/h4>\t\t\t\t<\/div>\n\t\t\t\t<\/div>\n\t\t\t\t<div class=\"elementor-element elementor-element-2ff84f65 elementor-widget elementor-widget-text-editor\" data-id=\"2ff84f65\" data-element_type=\"widget\" data-e-type=\"widget\" data-widget_type=\"text-editor.default\">\n\t\t\t\t<div class=\"elementor-widget-container\">\n\t\t\t\t\t\t\t\t\t<p>The project will enable the exchange of experience between start-ups and experienced entrepreneurs, it will support the development of new trade relations and will facilitate the internationalization of start-ups.<\/p><ul><li>Entrepreneurship exchange is realized with the assistance of intermediary organizations.<\/li><li>The project is implemented through the cooperation of 8 partners.<\/li><\/ul>\t\t\t\t\t\t\t\t<\/div>\n\t\t\t\t<\/div>\n\t\t\t\t<div class=\"elementor-element elementor-element-4beef97f elementor-widget elementor-widget-heading\" data-id=\"4beef97f\" data-element_type=\"widget\" data-e-type=\"widget\" data-widget_type=\"heading.default\">\n\t\t\t\t<div class=\"elementor-widget-container\">\n\t\t\t\t\t<h4 class=\"elementor-heading-title elementor-size-default\">Let us see what are the main benefits of the Program for both parties!<\/h4>\t\t\t\t<\/div>\n\t\t\t\t<\/div>\n\t\t\t\t<div class=\"elementor-element elementor-element-178af2e6 elementor-widget elementor-widget-heading\" data-id=\"178af2e6\" data-element_type=\"widget\" data-e-type=\"widget\" data-widget_type=\"heading.default\">\n\t\t\t\t<div class=\"elementor-widget-container\">\n\t\t\t\t\t<h5 class=\"elementor-heading-title elementor-size-default\">Are you an experienced entrepreneur who is open to new ideas?<\/h5>\t\t\t\t<\/div>\n\t\t\t\t<\/div>\n\t\t\t\t<div class=\"elementor-element elementor-element-62b7a218 elementor-widget elementor-widget-text-editor\" data-id=\"62b7a218\" data-element_type=\"widget\" data-e-type=\"widget\" data-widget_type=\"text-editor.default\">\n\t\t\t\t<div class=\"elementor-widget-container\">\n\t\t\t\t\t\t\t\t\t<p>With the help of the program, a motivated new entrepreneur can enrich your business with new ideas and skills!\nYou can get to know other European markets and build international relationships without having to move out of the office, and the person you receive will receive support, so you will not have any financial obligations.<\/p>\t\t\t\t\t\t\t\t<\/div>\n\t\t\t\t<\/div>\n\t\t\t\t<div class=\"elementor-element elementor-element-56aae822 elementor-widget elementor-widget-heading\" data-id=\"56aae822\" data-element_type=\"widget\" data-e-type=\"widget\" data-widget_type=\"heading.default\">\n\t\t\t\t<div class=\"elementor-widget-container\">\n\t\t\t\t\t<h5 class=\"elementor-heading-title elementor-size-default\">Benefits:<\/h5>\t\t\t\t<\/div>\n\t\t\t\t<\/div>\n\t\t\t\t<div class=\"elementor-element elementor-element-166af47b elementor-widget elementor-widget-text-editor\" data-id=\"166af47b\" data-element_type=\"widget\" data-e-type=\"widget\" data-widget_type=\"text-editor.default\">\n\t\t\t\t<div class=\"elementor-widget-container\">\n\t\t\t\t\t\t\t\t\t<ul><li>International networking<\/li><li>Obtaining new knowledge from abroad<\/li><li>Innovative solutions for your business<\/li><li>Potential cooperation opportunity<\/li><li>Extending business activities abroad<\/li><\/ul>\t\t\t\t\t\t\t\t<\/div>\n\t\t\t\t<\/div>\n\t\t\t\t<div class=\"elementor-element elementor-element-6f252790 elementor-widget elementor-widget-heading\" data-id=\"6f252790\" data-element_type=\"widget\" data-e-type=\"widget\" data-widget_type=\"heading.default\">\n\t\t\t\t<div class=\"elementor-widget-container\">\n\t\t\t\t\t<h5 class=\"elementor-heading-title elementor-size-default\">Are you a purposeful young person thinking of launching your own business, but afraid to start?<\/h5>\t\t\t\t<\/div>\n\t\t\t\t<\/div>\n\t\t\t\t<div class=\"elementor-element elementor-element-47b80d1f elementor-widget elementor-widget-text-editor\" data-id=\"47b80d1f\" data-element_type=\"widget\" data-e-type=\"widget\" data-widget_type=\"text-editor.default\">\n\t\t\t\t<div class=\"elementor-widget-container\">\n\t\t\t\t\t\t\t\t\t<p>This program is an EU-funded knowledge exchange program for young entrepreneurs. It provides an opportunity for the applicant to work with an experienced entrepreneur in another EU Member State and to develop the skills needed for the business.<\/p><p>Work experience with an experienced entrepreneur will help you to get answers to any questions about your business and at the same time you can prepare your own business for successful management.<\/p>\t\t\t\t\t\t\t\t<\/div>\n\t\t\t\t<\/div>\n\t\t\t\t<div class=\"elementor-element elementor-element-3c875f86 elementor-widget elementor-widget-heading\" data-id=\"3c875f86\" data-element_type=\"widget\" data-e-type=\"widget\" data-widget_type=\"heading.default\">\n\t\t\t\t<div class=\"elementor-widget-container\">\n\t\t\t\t\t<h5 class=\"elementor-heading-title elementor-size-default\">Benefits:<\/h5>\t\t\t\t<\/div>\n\t\t\t\t<\/div>\n\t\t\t\t<div class=\"elementor-element elementor-element-da31be3 elementor-widget elementor-widget-text-editor\" data-id=\"da31be3\" data-element_type=\"widget\" data-e-type=\"widget\" data-widget_type=\"text-editor.default\">\n\t\t\t\t<div class=\"elementor-widget-container\">\n\t\t\t\t\t\t\t\t\t<ul><li>International networking<\/li><li>Obtaining knowledge on new business methods<\/li><li>An outlook to the European market<\/li><li>A chance for possible co-operation<\/li><li>An opportunity to meet successful business people<\/li><\/ul>\t\t\t\t\t\t\t\t<\/div>\n\t\t\t\t<\/div>\n\t\t\t\t<div class=\"elementor-element elementor-element-528f193d elementor-widget elementor-widget-heading\" data-id=\"528f193d\" data-element_type=\"widget\" data-e-type=\"widget\" data-widget_type=\"heading.default\">\n\t\t\t\t<div class=\"elementor-widget-container\">\n\t\t\t\t\t<h4 class=\"elementor-heading-title elementor-size-default\">You can register on the following page:<\/h4>\t\t\t\t<\/div>\n\t\t\t\t<\/div>\n\t\t\t\t<div class=\"elementor-element elementor-element-442b08c3 elementor-widget elementor-widget-text-editor\" data-id=\"442b08c3\" data-element_type=\"widget\" data-e-type=\"widget\" data-widget_type=\"text-editor.default\">\n\t\t\t\t<div class=\"elementor-widget-container\">\n\t\t\t\t\t\t\t\t\t<p><a href=\"https:\/\/webgate.ec.europa.eu\/erasmusentrepreneurs\/index.cfm?fuseaction=app.welcome\" target=\"_blank\" rel=\"noopener\">https:\/\/webgate.ec.europa.eu\/erasmusentrepreneurs\/index.cfm?fuseaction=app.welcome<\/a><\/p>\t\t\t\t\t\t\t\t<\/div>\n\t\t\t\t<\/div>\n\t\t\t\t<div class=\"elementor-element elementor-element-40686a21 elementor-widget elementor-widget-text-editor\" data-id=\"40686a21\" data-element_type=\"widget\" data-e-type=\"widget\" data-widget_type=\"text-editor.default\">\n\t\t\t\t<div class=\"elementor-widget-container\">\n\t\t\t\t\t\t\t\t\t<p>For further details and information, please contact Gabriella Bar\u00e1th at gbarath@kdriu.hu or call +36 20 917 2741.<\/p>\t\t\t\t\t\t\t\t<\/div>\n\t\t\t\t<\/div>\n\t\t\t\t<div class=\"elementor-element elementor-element-fe132b6 elementor-widget elementor-widget-heading\" data-id=\"fe132b6\" data-element_type=\"widget\" data-e-type=\"widget\" data-widget_type=\"heading.default\">\n\t\t\t\t<div class=\"elementor-widget-container\">\n\t\t\t\t\t<h4 class=\"elementor-heading-title elementor-size-default\">Official website of the programme:<\/h4>\t\t\t\t<\/div>\n\t\t\t\t<\/div>\n\t\t\t\t<div class=\"elementor-element elementor-element-aa33619 elementor-widget elementor-widget-text-editor\" data-id=\"aa33619\" data-element_type=\"widget\" data-e-type=\"widget\" data-widget_type=\"text-editor.default\">\n\t\t\t\t<div class=\"elementor-widget-container\">\n\t\t\t\t\t\t\t\t\t<p><a href=\"https:\/\/www.erasmus-entrepreneurs.eu\/\" target=\"_blank\" rel=\"noopener\">https:\/\/www.erasmus-entrepreneurs.eu\/<\/a><\/p>\t\t\t\t\t\t\t\t<\/div>\n\t\t\t\t<\/div>\n\t\t\t\t<div class=\"elementor-element elementor-element-78332d13 elementor-widget elementor-widget-toggle\" data-id=\"78332d13\" data-element_type=\"widget\" data-e-type=\"widget\" data-widget_type=\"toggle.default\">\n\t\t\t\t<div class=\"elementor-widget-container\">\n\t\t\t\t\t\t\t<div class=\"elementor-toggle\">\n\t\t\t\t\t\t\t<div class=\"elementor-toggle-item\">\n\t\t\t\t\t<div id=\"elementor-tab-title-2011\" class=\"elementor-tab-title\" data-tab=\"1\" role=\"button\" aria-controls=\"elementor-tab-content-2011\" aria-expanded=\"false\">\n\t\t\t\t\t\t\t\t\t\t\t\t<span class=\"elementor-toggle-icon elementor-toggle-icon-left\" aria-hidden=\"true\">\n\t\t\t\t\t\t\t\t\t\t\t\t\t\t\t<span class=\"elementor-toggle-icon-closed\"><i class=\"fas fa-caret-right\"><\/i><\/span>\n\t\t\t\t\t\t\t\t<span class=\"elementor-toggle-icon-opened\"><i class=\"elementor-toggle-icon-opened fas fa-caret-up\"><\/i><\/span>\n\t\t\t\t\t\t\t\t\t\t\t\t\t<\/span>\n\t\t\t\t\t\t\t\t\t\t\t\t<a class=\"elementor-toggle-title\" tabindex=\"0\">More news and posts about the project:<\/a>\n\t\t\t\t\t<\/div>\n\n\t\t\t\t\t<div id=\"elementor-tab-content-2011\" class=\"elementor-tab-content elementor-clearfix\" data-tab=\"1\" role=\"region\" aria-labelledby=\"elementor-tab-title-2011\"><ul>\n<li><a href=\"https:\/\/www.budapestdiary.com\/blog?fbclid=IwAR3W1fCnqV0-FPrA92Soul2zw2YSha5fMGrrE8b9vuLOaIXUAnAKICqwF3o\" target=\"_blank\" rel=\"noopener\">The Budapest Diary &#8211; blog &#8211; 2019.12.05.<\/a><\/li>\n<li><a href=\"https:\/\/www.facebook.com\/KDRIU.CTRIA\/posts\/2976957149031185\" target=\"_blank\" rel=\"noopener\">A mi \u00e9v\u00fcnk &#8211; Erasmus fiatal v\u00e1llalkoz\u00f3knak &#8211; 2019.12.18.<\/a><\/li>\n<li><a href=\"https:\/\/www.facebook.com\/KDRIU.CTRIA\/posts\/3029014780492088\" target=\"_blank\" rel=\"noopener\">Fogadjon \u00d6n is fiatal k\u00fclf\u00f6ldi v\u00e1llalkoz\u00f3t! &#8211; 200.01.07.<\/a><\/li>\n<li><a href=\"https:\/\/www.facebook.com\/KDRIU.CTRIA\/posts\/3048876678505898\" target=\"_blank\" rel=\"noopener\">ERASMUS STORY 1. &#8211; 2020.01.15.<\/a><\/li>\n<li><a href=\"https:\/\/www.youtube.com\/watch?v=i4vrPeuED74&amp;fbclid=IwAR29J29w24Rm3HAVGUri4cavQ314z0N5te6xkM_jgYIUu2Ji9nk2XnmGfOg\" target=\"_blank\" rel=\"noopener\">ERASMUS STORY 2. (vide\u00f3) &#8211; 2020.01.20.<\/a><\/li>\n<li><a href=\"https:\/\/fmc.hu\/2020\/02\/11\/erasmus-fiatal-vallalkozoknak-fogadjon-a-te-ceged-is-fiatal-vallalkozot\/?fbclid=IwAR2HRMZ6Vm3NyAyYqSIncKByg-JNXq6KaTFuRijIayr1vhXUPK6fiSOgxjk\" target=\"_blank\" rel=\"noopener\">Fogadjon a Te c\u00e9ged is fiatal v\u00e1llalkoz\u00f3t! (fmc.hu cikk) &#8211; 2020.02.11.<\/a><\/li>\n<li><a href=\"https:\/\/www.facebook.com\/KDRIU.CTRIA\/posts\/3151331231593775\" target=\"_blank\" rel=\"noopener\">Fiatal v\u00e1llalkoz\u00f3k tapasztalatcser\u00e9je Magyarorsz\u00e1gon! &#8211; 2020.02.25.<\/a><\/li>\n<li><a href=\"https:\/\/www.facebook.com\/KDRIU.CTRIA\/posts\/3166978470029051\" target=\"_blank\" rel=\"noopener\">Fiatal v\u00e1llalkoz\u00f3k tapasztalatcser\u00e9je Magyarorsz\u00e1gon! &#8211; 2020.03.02.<\/a><\/li>\n<li><a href=\"https:\/\/fmc.hu\/2020\/03\/10\/fiatal-es-tapasztalt-vallalkozok-egyuttmukodese-magyarorszagon\/?fbclid=IwAR2XXa4SJFePAlLt5GqjbxjqJ3dbRh-EAZrzNA4Fv11j45buTS4cS3DWyes\" target=\"_blank\" rel=\"noopener\">Fiatal \u00e9s tapasztalt v\u00e1llalkoz\u00f3k egy\u00fcttm\u0171k\u00f6d\u00e9se Magyarorsz\u00e1gon! (www.fmc.hu) &#8211; 2020.03.10.<\/a><\/li>\n<li><a href=\"https:\/\/www.facebook.com\/KDRIU.CTRIA\/posts\/3257631190963778\" target=\"_blank\" rel=\"noopener\">Erasmus Fiatal V\u00e1llalkoz\u00f3knak Program: \u00c1llj k\u00e9szen a k\u00f6vetkez\u0151 l\u00e9p\u00e9sre! &#8211; 2020.04.06.<\/a><\/li>\n<li><a href=\"https:\/\/www.facebook.com\/KDRIU.CTRIA\/posts\/3413999185326977\" target=\"_blank\" rel=\"noopener\">Erasmus Fiatal V\u00e1llalkoz\u00f3knak Program: \u00c1llj k\u00e9szen a nyit\u00e1sra! &#8211; 2020.06.03.<\/a><\/li>\n<li><a href=\"https:\/\/fmc.hu\/2020\/06\/09\/remek-lehetoseg-vallalkozoknak-tanulj-masoktol-szerezz-tapasztalatot\/?fbclid=IwAR1bPPPlg3369DSsjjOD6s422X87oMoDOkD5zIDdHM64HPYxFx3TLbakSQk\" target=\"_blank\" rel=\"noopener\">Remek lehet\u0151s\u00e9g v\u00e1llalkoz\u00f3knak! Tanulj m\u00e1sokt\u00f3l, szerezz tapasztalatot! (fmc.hu cikk) &#8211; 2020.06.09.<\/a><\/li>\n<li><a href=\"https:\/\/www.facebook.com\/KDRIU.CTRIA\/posts\/3434726073254288\" target=\"_blank\" rel=\"noopener\">ERASMUS STORY 3. &#8211; 2020.06.10.<\/a><\/li>\n<li><a href=\"https:\/\/www.facebook.com\/KDRIU.CTRIA\/posts\/3454288311298064\" target=\"_blank\" rel=\"noopener\">K\u00fclf\u00f6ldi tapasztalatszerz\u00e9s diploma ut\u00e1n vagy az egyetem alatt &#8211; 2020.06.17,<\/a><\/li>\n<li><a href=\"https:\/\/www.facebook.com\/watch\/?v=322280398807183\" target=\"_blank\" rel=\"noopener\">Mozdulj ki! (vide\u00f3) &#8211; 2020.07.20.<\/a><\/li>\n<li><a href=\"https:\/\/www.facebook.com\/KDRIU.CTRIA\/posts\/3598990866827807\" target=\"_blank\" rel=\"noopener\">Tanulj! Utazz! Szerezz tapasztalatot! &#8211; 2020.08.04.<\/a><\/li>\n<li><a href=\"https:\/\/www.facebook.com\/KDRIU.CTRIA\/photos\/3624127884314105\" target=\"_blank\" rel=\"noopener\">V\u00e1rjuk a hat\u00e1ront\u00fali fiatal magyar v\u00e1llalkoz\u00f3kat! &#8211; 2020.08.12.<\/a><\/li>\n<li><a href=\"https:\/\/www.facebook.com\/KDRIU.CTRIA\/photos\/3642056332521260\" target=\"_blank\" rel=\"noopener\">Develop your business in Hungary! &#8211; 2020.08.18.<\/a><\/li>\n<li><a href=\"https:\/\/www.facebook.com\/KDRIU.CTRIA\/photos\/3667880469938846\" target=\"_blank\" rel=\"noopener\">Young Entrepreneurs! Csilla is waiting for YOU! &#8211; 2020.08.26.<\/a><\/li>\n<li><a href=\"https:\/\/www.facebook.com\/KDRIU.CTRIA\/photos\/3694514497275443\" target=\"_blank\" rel=\"noopener\">ERASMUS STORY 4. &#8211; 2020.09.03.<\/a><\/li>\n<li><a href=\"https:\/\/www.facebook.com\/KDRIU.CTRIA\/photos\/3707804929279733\" target=\"_blank\" rel=\"noopener\">ERASMUS STORY 5. &#8211; 2020.09.07.<\/a><\/li>\n<li><a href=\"https:\/\/www.facebook.com\/KDRIU.CTRIA\/photos\/3834987496561475\" target=\"_blank\" rel=\"noopener\">Are you a #young #entrepreneur? &#8211; 2020.10.16.<\/a><\/li>\n<li><a href=\"https:\/\/www.facebook.com\/KDRIU.CTRIA\/photos\/3867268666666691\" target=\"_blank\" rel=\"noopener\">Gain business experiences in Hungary! &#8211; 2020.10.27.<\/a><\/li>\n<li><a href=\"https:\/\/www.facebook.com\/KDRIU.CTRIA\/photos\/3894604027266488\" target=\"_blank\" rel=\"noopener\">ERASMUS STORY 6. &#8211; 2020.11.05.<\/a><\/li>\n<li><a href=\"https:\/\/www.facebook.com\/KDRIU.CTRIA\/photos\/3926349407425283\" target=\"_blank\" rel=\"noopener\">ERASMUS STORY 7. &#8211; 2020.11.17.<\/a><\/li>\n<li><a href=\"https:\/\/www.facebook.com\/KDRIU.CTRIA\/photos\/3937588702968020\" target=\"_blank\" rel=\"noopener\">Travel? Now? In this situation? &#8211; 2020.11.20.<\/a><\/li>\n<li><a href=\"https:\/\/www.facebook.com\/148589271868001\/videos\/239762974171634\" target=\"_blank\" rel=\"noopener\">Review of 2020 &#8211; 2020.12.28.<\/a><\/li>\n<li><a href=\"https:\/\/www.facebook.com\/KDRIU.CTRIA\/posts\/4128812557178966\" target=\"_blank\" rel=\"noopener\">ERASMUS STORY #8 &#8211; 2021.01.28.<\/a><\/li>\n<li><a href=\"https:\/\/www.facebook.com\/KDRIU.CTRIA\/posts\/4199418190118402\" target=\"_blank\" rel=\"noopener\">Have you already benefited from the Erasmus for Young Entrepreneurs as new or host #entrepreneur? &#8211; 2021.02.22.<\/a><\/li>\n<li><a href=\"https:\/\/www.facebook.com\/KDRIU.CTRIA\/posts\/4270500083010212\" target=\"_blank\" rel=\"noopener\">Erasmus program pand\u00e9mia idej\u00e9n &#8211; 2021.03.16.<\/a><\/li>\n<li><a href=\"https:\/\/www.facebook.com\/KDRIU.CTRIA\/posts\/4451568798236672\" target=\"_blank\" rel=\"noopener\">ERASMUS STORY #9 &#8211; 2021.05.12.<\/a><\/li>\n<li><a href=\"https:\/\/www.facebook.com\/KDRIU.CTRIA\/posts\/4562341810492703\" target=\"_blank\" rel=\"noopener\">ERASMUS STORY #10 &#8211; 2021.05.16.<\/a><\/li>\n<li><a href=\"https:\/\/www.facebook.com\/KDRIU.CTRIA\/posts\/4617448544982029\" target=\"_blank\" rel=\"noopener\">Betekint\u0151 vide\u00f3 az Erasmus for Young Entrepreneurs programba! (vide\u00f3) &#8211; 2021.07.05.<\/a><\/li>\n<li><a href=\"https:\/\/www.facebook.com\/KDRIU.CTRIA\/posts\/4661416067251943\" target=\"_blank\" rel=\"noopener\">ERASMUS STORY #11 &#8211; 2021.07.20.<\/a><\/li>\n<li><a href=\"https:\/\/www.facebook.com\/KDRIU.CTRIA\/posts\/4708054989254717\" target=\"_blank\" rel=\"noopener\">M\u0171k\u00f6d\u00e9se 10 \u00e9ve alatt Eur\u00f3pa egyik legsikeresebb programj\u00e1v\u00e1 n\u0151tte ki mag\u00e1t &#8211; 2021.08.04.<\/a><\/li>\n<li><a href=\"https:\/\/www.facebook.com\/KDRIU.CTRIA\/posts\/4778599165533632\" target=\"_blank\" rel=\"noopener\">SZEREZZ TAPASZTALATOT K\u00dcLF\u00d6LD\u00d6N! &#8211; 2021.08.27.<\/a><\/li>\n<li><a href=\"https:\/\/www.facebook.com\/KDRIU.CTRIA\/posts\/4794531813940367\" target=\"_blank\" rel=\"noopener\">ERASMUS STORY #12 &#8211; Tanulm\u00e1ny\u00faton egy francia hobbyboltn\u00e1l &#8211; 2021.09.01.<\/a><\/li>\n<li><a href=\"https:\/\/www.facebook.com\/KDRIU.CTRIA\/posts\/4817621408298074\" target=\"_blank\" rel=\"noopener\">ERASMUS STORY #13 &#8211; Fiatal v\u00e1llalkoz\u00f3 vagy, aki szeretne &#8222;vil\u00e1got l\u00e1tni&#8221;, tapasztalatokat gy\u0171jteni? &#8211; 2021.09.08.<\/a><\/li>\n<li><a href=\"https:\/\/www.facebook.com\/KDRIU.CTRIA\/posts\/4833313416728873\" target=\"_blank\" rel=\"noopener\">Zs\u00f3fi beker\u00fclt a fogad\u00f3 v\u00e1llalkoz\u00e1s, az Augustine et Balthazar szeptemberi h\u00edrlevel\u00e9be &#8211; 2021.09.13.<\/a><\/li>\n<li><a href=\"https:\/\/www.facebook.com\/KDRIU.CTRIA\/posts\/4843700645690150\" target=\"_blank\" rel=\"noopener\">Hallott\u00e1l m\u00e1r az Erasmus for Young Entrepreneurs, azaz a fiatal v\u00e1llalkoz\u00f3k csereprogramj\u00e1r\u00f3l? &#8211; 2021.09.16.<\/a><\/li>\n<li><a href=\"https:\/\/www.facebook.com\/KDRIU.CTRIA\/posts\/4938101139583433\" target=\"_blank\" rel=\"noopener\">ERASMUS STORY #14 &#8211; M\u00e9ghogy a l\u00e1nyok nem \u00e9rtenek a futballhoz?! &#8211; 2021.10.14.&nbsp;<\/a><\/li>\n<\/ul><\/div>\n\t\t\t\t<\/div>\n\t\t\t\t\t\t\t\t<\/div>\n\t\t\t\t\t\t<\/div>\n\t\t\t\t<\/div>\n\t\t\t\t\t<\/div>\n\t\t<\/div>\n\t\t\t\t\t<\/div>\n\t\t<\/section>\n\t\t\t\t\t<\/div>\n\t\t<\/div>\n\t\t\t\t\t<\/div>\n\t\t<\/section>\n\t\t\t\t<\/div>","protected":false},"excerpt":{"rendered":"<p>Les Petits Riens: az \u00fajrafelhaszn\u00e1l\u00e1s n\u00e9pszer\u0171s\u00edt\u00e9se a szoci\u00e1lisan r\u00e1szorul\u00f3 szem\u00e9lyek megseg\u00edt\u00e9se mellett (Belgium) Az Erasmus fiatal v\u00e1llalkoz\u00f3knak projekt kezd\u0151 v\u00e1llalkoz\u00f3knak k\u00edn\u00e1l lehet\u0151s\u00e9get arra, hogy Eur\u00f3pai Uni\u00f3s tagorsz\u00e1gokban dolgozzanak, \u00e9s tapasztalt v\u00e1llalkoz\u00f3kt\u00f3l tanuljanak. A program keret\u00e9n bel\u00fcl fiatal v\u00e1llalkoz\u00f3k utazhatnak 1-6 h\u00f3napos id\u0151tartamra m\u00e1s uni\u00f3s orsz\u00e1gba, ahol kis- \u00e9s k\u00f6z\u00e9pv\u00e1llalkoz\u00e1sok szaktud\u00e1ssal rendelkez\u0151 alkalmazottai ny\u00fajtanak seg\u00edts\u00e9get nekik [&hellip;]<\/p>\n","protected":false},"author":1,"featured_media":0,"parent":0,"menu_order":0,"comment_status":"closed","ping_status":"closed","template":"","meta":{"site-sidebar-layout":"no-sidebar","site-content-layout":"page-builder","ast-site-content-layout":"default","site-content-style":"default","site-sidebar-style":"default","ast-global-header-display":"","ast-banner-title-visibility":"","ast-main-header-display":"","ast-hfb-above-header-display":"","ast-hfb-below-header-display":"","ast-hfb-mobile-header-display":"","site-post-title":"disabled","ast-breadcrumbs-content":"","ast-featured-img":"disabled","footer-sml-layout":"","ast-disable-related-posts":"","theme-transparent-header-meta":"","adv-header-id-meta":"","stick-header-meta":"","header-above-stick-meta":"","header-main-stick-meta":"","header-below-stick-meta":"","astra-migrate-meta-layouts":"default","ast-page-background-enabled":"default","ast-page-background-meta":{"desktop":{"background-color":"","background-image":"","background-repeat":"repeat","background-position":"center center","background-size":"auto","background-attachment":"scroll","background-type":"","background-media":"","overlay-type":"","overlay-color":"","overlay-opacity":"","overlay-gradient":""},"tablet":{"background-color":"","background-image":"","background-repeat":"repeat","background-position":"center center","background-size":"auto","background-attachment":"scroll","background-type":"","background-media":"","overlay-type":"","overlay-color":"","overlay-opacity":"","overlay-gradient":""},"mobile":{"background-color":"","background-image":"","background-repeat":"repeat","background-position":"center center","background-size":"auto","background-attachment":"scroll","background-type":"","background-media":"","overlay-type":"","overlay-color":"","overlay-opacity":"","overlay-gradient":""}},"ast-content-background-meta":{"desktop":{"background-color":"var(--ast-global-color-5)","background-image":"","background-repeat":"repeat","background-position":"center center","background-size":"auto","background-attachment":"scroll","background-type":"","background-media":"","overlay-type":"","overlay-color":"","overlay-opacity":"","overlay-gradient":""},"tablet":{"background-color":"var(--ast-global-color-5)","background-image":"","background-repeat":"repeat","background-position":"center center","background-size":"auto","background-attachment":"scroll","background-type":"","background-media":"","overlay-type":"","overlay-color":"","overlay-opacity":"","overlay-gradient":""},"mobile":{"background-color":"var(--ast-global-color-5)","background-image":"","background-repeat":"repeat","background-position":"center center","background-size":"auto","background-attachment":"scroll","background-type":"","background-media":"","overlay-type":"","overlay-color":"","overlay-opacity":"","overlay-gradient":""}},"footnotes":""},"class_list":["post-6668","page","type-page","status-publish","hentry"],"_links":{"self":[{"href":"https:\/\/www.kdriu.hu\/en\/wp-json\/wp\/v2\/pages\/6668","targetHints":{"allow":["GET"]}}],"collection":[{"href":"https:\/\/www.kdriu.hu\/en\/wp-json\/wp\/v2\/pages"}],"about":[{"href":"https:\/\/www.kdriu.hu\/en\/wp-json\/wp\/v2\/types\/page"}],"author":[{"embeddable":true,"href":"https:\/\/www.kdriu.hu\/en\/wp-json\/wp\/v2\/users\/1"}],"replies":[{"embeddable":true,"href":"https:\/\/www.kdriu.hu\/en\/wp-json\/wp\/v2\/comments?post=6668"}],"version-history":[{"count":4,"href":"https:\/\/www.kdriu.hu\/en\/wp-json\/wp\/v2\/pages\/6668\/revisions"}],"predecessor-version":[{"id":6676,"href":"https:\/\/www.kdriu.hu\/en\/wp-json\/wp\/v2\/pages\/6668\/revisions\/6676"}],"wp:attachment":[{"href":"https:\/\/www.kdriu.hu\/en\/wp-json\/wp\/v2\/media?parent=6668"}],"curies":[{"name":"wp","href":"https:\/\/api.w.org\/{rel}","templated":true}]}}